{"id":20921,"date":"2016-08-04T10:42:40","date_gmt":"2016-08-04T10:42:40","guid":{"rendered":"https:\/\/www.frmr.ro\/tinere-talente\/?lang=en"},"modified":"2020-11-11T14:29:41","modified_gmt":"2020-11-11T12:29:41","slug":"young-talents","status":"publish","type":"page","link":"https:\/\/www.frmr.ro\/en\/young-talents\/","title":{"rendered":"Young Talents"},"content":{"rendered":"<p>[vc_row row_type=&#8221;row&#8221; use_row_as_full_screen_section=&#8221;no&#8221; type=&#8221;full_width&#8221; angled_section=&#8221;no&#8221; text_align=&#8221;left&#8221; background_image_as_pattern=&#8221;without_pattern&#8221; css_animation=&#8221;&#8221;][vc_column][vc_single_image image=&#8221;19188&#8243; img_size=&#8221;full&#8221; qode_css_animation=&#8221;&#8221;][\/vc_column][\/vc_row][vc_row row_type=&#8221;row&#8221; use_row_as_full_screen_section=&#8221;no&#8221; type=&#8221;full_width&#8221; angled_section=&#8221;no&#8221; text_align=&#8221;left&#8221; background_image_as_pattern=&#8221;without_pattern&#8221; css_animation=&#8221;&#8221;][vc_column][vc_separator type=&#8221;transparent&#8221;][\/vc_column][\/vc_row][vc_row row_type=&#8221;row&#8221; use_row_as_full_screen_section=&#8221;no&#8221; type=&#8221;full_width&#8221; angled_section=&#8221;no&#8221; text_align=&#8221;left&#8221; background_image_as_pattern=&#8221;without_pattern&#8221; css_animation=&#8221;&#8221;][vc_column][vc_separator type=&#8221;transparent&#8221;][\/vc_column][\/vc_row][vc_row row_type=&#8221;row&#8221; use_row_as_full_screen_section=&#8221;no&#8221; type=&#8221;full_width&#8221; angled_section=&#8221;no&#8221; text_align=&#8221;left&#8221; background_image_as_pattern=&#8221;without_pattern&#8221; css_animation=&#8221;&#8221;][vc_column][vc_empty_space][vc_column_text]Talent is not always enough to be successful in the artistic world. Study, guidance of specialists, as well as financial support are necessary elements for the development of a young artist. Romania loses annually talents that could have otherwise been its cultural ambassadors. Young Talents is a project developed to support Romanian artists with potential, from across the country.<\/p>\n<p>The Young Talents Programme was recognized as the Best Art and Culture Programme in Romania, awarded by the Civil Society Gala in 2013, 2015 and 2017.[\/vc_column_text][vc_empty_space][vc_column_text]<\/p>\n<h3><span style=\"color: #333399;\"><strong>How do we help talented young people in Romania?<\/strong><\/span><\/h3>\n<p>[\/vc_column_text][vc_empty_space][vc_column_text]The Young Talents programme supports and promotes talented young artists from modest families, so that they have the opportunity to develop their potential and express their talent. The Young Talents scholarships aim at the artistic development of young people based on a set of goals planned at the beginning of the year.<\/p>\n<p>[\/vc_column_text][vc_empty_space][vc_column_text]<\/p>\n<h3><span style=\"color: #333399;\"><strong>Individual scholarships\u00a0<\/strong><\/span><\/h3>\n<p>[\/vc_column_text][vc_empty_space][vc_column_text]Individual scholarships of up to 2 000 Euro are granted for one calendar year and allow young artists to buy materials and instruments, to participate in competitions, concerts, exhibitions and specialization courses in Romania and abroad.[\/vc_column_text][vc_empty_space][vc_column_text]<\/p>\n<h3><span style=\"color: #333399;\"><strong>Intergenerational mentoring<\/strong><\/span><\/h3>\n<p>[\/vc_column_text][vc_empty_space][vc_column_text]This unique feature of the project gives the young scholars the chance to interact with established artists and cultural personalities, through monthly discussion sessions and creative workshops.<\/p>\n<p>Intergenerational mentoring and personal development workshops. They represent the unique feature that gives the scholars the chance to learn from established personalities of the artistic and cultural life through discussion sessions and creative workshops. In 2017, the mentoring sessions were given by: Corina \u0218uteu \u2013 cultural consultant, Raluca Panti\u0219 \u2013 color and material designer \u2013 Groupe Renault, Costantin Adrian Grigore \u2013 conductor, Teodor Ilinc\u0103i \u2013 tenor, Mihaela Anica \u2013 flutist, Diana Marincu \u2013 art critic and curator, Lea Raszovsky \u2013 visual artist, Cristina Stoenescu \u2013 art curator, Adriana Oprea \u2013 art curator, Ana Neagoe \u2013 visual artist and curator at Elite Art Gallery, Iulian Ochescu \u2013 pianist, Remus Azoi\u021bei \u2013 violinist, Alexandra Dariescu \u2013 pianist, Rafael Butaru \u2013 violinist.<\/p>\n<p>The creative camp attended by the scholars from all over the country and by the most valuable alumni is an opportunity to carry out interdisciplinary projects and to unite the group.[\/vc_column_text][vc_empty_space][vc_column_text]<\/p>\n<h3><span style=\"color: #333399;\"><strong>Promoting the work and talent of everyone<\/strong><\/span><\/h3>\n<p>[\/vc_column_text][vc_empty_space][vc_column_text]Through events organised by the Margareta of Romania Royal Foundation or in collaboration with partners and sponsors of the Young Talents programme, we promote the talent and works of each young artist.<\/p>\n<p>The promotion of young people consists of a series events, recitals and exhibitions. Their purpose is to present the young scholars to the public and to highlight their qualities and performance.<\/p>\n<p>The development plan and the artistic portfolio of each scholar are designed so as to organize and prioritize their goals and to teach them how to appear before the public.<\/p>\n<p>The Margareta of Romania Royal Foundation Orchestra performed on the stage of the Romanian Athenaeum with the occasion of the Royal Charitable Concert, prepared and conducted by Maestro Tiberiu Soare, and accompanied by Teodor Ilinc\u0103i \u2013 tenor, Remus Azoi\u021bei \u2013 violinist and Alexandra Dariescu \u2013 pianist. The event brought together an audience of over 800 people and took place in the presence of the Royal Family of Romania.<\/p>\n<p>The Young Talents Gala takes place every year and is a graduation event for the presentation of scholars and for their recognition.[\/vc_column_text][vc_empty_space][vc_column_text]<\/p>\n<h3><span style=\"color: #333399;\"><strong>Who are the scholars?<\/strong><\/span><\/h3>\n<p>[\/vc_column_text][vc_empty_space][vc_column_text]Pupils and students from the music and visual arts high schools and universities in the country, young people from low-income families, aged from 14 to 24. In 2017, 36 young artists were selected as Young Talents scholars, following a national selection carried out by a jury of prestigious art and culture people.[\/vc_column_text][vc_empty_space][vc_column_text]<\/p>\n<h3><span style=\"color: #333399;\"><strong>The Young Talents Programme<\/strong><\/span><\/h3>\n<p>[\/vc_column_text][vc_empty_space][vc_column_text]<\/p>\n<ul>\n<li>350 scholars: 175 visual artists and 175 musicians<\/li>\n<li>7 musical instruments and various work materials<\/li>\n<li>450 recitals, concerts, exhibitions<\/li>\n<li>175 national and international prizes won<\/li>\n<li>140 national and international masterclasses<\/li>\n<\/ul>\n<p>[\/vc_column_text][vc_empty_space][\/vc_column][\/vc_row]<\/p>\n","protected":false},"excerpt":{"rendered":"<p>[vc_row row_type=&#8221;row&#8221; use_row_as_full_screen_section=&#8221;no&#8221; type=&#8221;full_width&#8221; angled_section=&#8221;no&#8221; text_align=&#8221;left&#8221; background_image_as_pattern=&#8221;without_pattern&#8221; css_animation=&#8221;&#8221;][vc_column][vc_single_image image=&#8221;19188&#8243; img_size=&#8221;full&#8221; qode_css_animation=&#8221;&#8221;][\/vc_column][\/vc_row][vc_row row_type=&#8221;row&#8221; use_row_as_full_screen_section=&#8221;no&#8221; type=&#8221;full_width&#8221; angled_section=&#8221;no&#8221; text_align=&#8221;left&#8221; background_image_as_pattern=&#8221;without_pattern&#8221; css_animation=&#8221;&#8221;][vc_column][vc_separator type=&#8221;transparent&#8221;][\/vc_column][\/vc_row][vc_row row_type=&#8221;row&#8221; use_row_as_full_screen_section=&#8221;no&#8221; type=&#8221;full_width&#8221; angled_section=&#8221;no&#8221; text_align=&#8221;left&#8221; background_image_as_pattern=&#8221;without_pattern&#8221; css_animation=&#8221;&#8221;][vc_column][vc_separator type=&#8221;transparent&#8221;][\/vc_column][\/vc_row][vc_row row_type=&#8221;row&#8221; use_row_as_full_screen_section=&#8221;no&#8221; type=&#8221;full_width&#8221; angled_section=&#8221;no&#8221; text_align=&#8221;left&#8221; background_image_as_pattern=&#8221;without_pattern&#8221; css_animation=&#8221;&#8221;][vc_column][vc_empty_space][vc_column_text]Talent is not always enough to be successful in the artistic world&#8230;.<\/p>\n","protected":false},"author":1,"featured_media":0,"parent":0,"menu_order":0,"comment_status":"closed","ping_status":"closed","template":"","meta":[],"yoast_head":"<!-- This site is optimized with the Yoast SEO plugin v17.5 - https:\/\/yoast.com\/wordpress\/plugins\/seo\/ -->\n<title>Young Talents | Funda\u021bia Regal\u0103 Margareta a Rom\u00e2niei<\/title>\n<meta name=\"description\" content=\"Tinere Talente urm\u0103re\u0219te sus\u021binerea \u0219i promovarea tinerilor talenta\u021bi din medii defavorizate, prin burse, mentorate intergenera\u021bionale \u0219i evenimente.\" \/>\n<meta name=\"robots\" content=\"index, follow, max-snippet:-1, max-image-preview:large, max-video-preview:-1\" \/>\n<link rel=\"canonical\" href=\"https:\/\/www.frmr.ro\/en\/young-talents\/\" \/>\n<meta property=\"og:locale\" content=\"en_US\" \/>\n<meta property=\"og:type\" content=\"article\" \/>\n<meta property=\"og:title\" content=\"Young Talents | Funda\u021bia Regal\u0103 Margareta a Rom\u00e2niei\" \/>\n<meta property=\"og:description\" content=\"Tinere Talente urm\u0103re\u0219te sus\u021binerea \u0219i promovarea tinerilor talenta\u021bi din medii defavorizate, prin burse, mentorate intergenera\u021bionale \u0219i evenimente.\" \/>\n<meta property=\"og:url\" content=\"https:\/\/www.frmr.ro\/en\/young-talents\/\" \/>\n<meta property=\"og:site_name\" content=\"Funda\u021bia Regal\u0103 Margareta a Rom\u00e2niei\" \/>\n<meta property=\"article:publisher\" content=\"https:\/\/www.facebook.com\/www.frmr.ro\/\" \/>\n<meta property=\"article:modified_time\" content=\"2020-11-11T12:29:41+00:00\" \/>\n<meta name=\"twitter:card\" content=\"summary\" \/>\n<meta name=\"twitter:label1\" content=\"Est. reading time\" \/>\n\t<meta name=\"twitter:data1\" content=\"4 minutes\" \/>\n<script type=\"application\/ld+json\" class=\"yoast-schema-graph\">{\"@context\":\"https:\/\/schema.org\",\"@graph\":[{\"@type\":\"Organization\",\"@id\":\"https:\/\/www.frmr.ro\/#organization\",\"name\":\"Fundatia Regala Margareta a Romaniei\",\"url\":\"https:\/\/www.frmr.ro\/\",\"sameAs\":[\"https:\/\/www.facebook.com\/www.frmr.ro\/\",\"https:\/\/www.linkedin.com\/company\/13060592\/admin\/\",\"https:\/\/www.youtube.com\/channel\/UCPJ7LnrfyvzrWu9_vE79DKg?view_as=subscriber\",\"https:\/\/ro.wikipedia.org\/wiki\/Funda\\u021bia_\\u201ePrincipesa_Margareta_a_Rom\\u00e2niei\\u201d\"],\"logo\":{\"@type\":\"ImageObject\",\"@id\":\"https:\/\/www.frmr.ro\/#logo\",\"inLanguage\":\"en-US\",\"url\":\"https:\/\/www.frmr.ro\/wp-content\/uploads\/2019\/07\/logo-ok.jpg\",\"contentUrl\":\"https:\/\/www.frmr.ro\/wp-content\/uploads\/2019\/07\/logo-ok.jpg\",\"width\":672,\"height\":209,\"caption\":\"Fundatia Regala Margareta a Romaniei\"},\"image\":{\"@id\":\"https:\/\/www.frmr.ro\/#logo\"}},{\"@type\":\"WebSite\",\"@id\":\"https:\/\/www.frmr.ro\/#website\",\"url\":\"https:\/\/www.frmr.ro\/\",\"name\":\"Funda\\u021bia Regal\\u0103 Margareta a Rom\\u00e2niei\",\"description\":\"Din dragoste pentru Rom\\u00e2nia\",\"publisher\":{\"@id\":\"https:\/\/www.frmr.ro\/#organization\"},\"potentialAction\":[{\"@type\":\"SearchAction\",\"target\":{\"@type\":\"EntryPoint\",\"urlTemplate\":\"https:\/\/www.frmr.ro\/?s={search_term_string}\"},\"query-input\":\"required name=search_term_string\"}],\"inLanguage\":\"en-US\"},{\"@type\":\"WebPage\",\"@id\":\"https:\/\/www.frmr.ro\/en\/young-talents\/#webpage\",\"url\":\"https:\/\/www.frmr.ro\/en\/young-talents\/\",\"name\":\"Young Talents | Funda\\u021bia Regal\\u0103 Margareta a Rom\\u00e2niei\",\"isPartOf\":{\"@id\":\"https:\/\/www.frmr.ro\/#website\"},\"datePublished\":\"2016-08-04T10:42:40+00:00\",\"dateModified\":\"2020-11-11T12:29:41+00:00\",\"description\":\"Tinere Talente urm\\u0103re\\u0219te sus\\u021binerea \\u0219i promovarea tinerilor talenta\\u021bi din medii defavorizate, prin burse, mentorate intergenera\\u021bionale \\u0219i evenimente.\",\"breadcrumb\":{\"@id\":\"https:\/\/www.frmr.ro\/en\/young-talents\/#breadcrumb\"},\"inLanguage\":\"en-US\",\"potentialAction\":[{\"@type\":\"ReadAction\",\"target\":[\"https:\/\/www.frmr.ro\/en\/young-talents\/\"]}]},{\"@type\":\"BreadcrumbList\",\"@id\":\"https:\/\/www.frmr.ro\/en\/young-talents\/#breadcrumb\",\"itemListElement\":[{\"@type\":\"ListItem\",\"position\":1,\"name\":\"Acas\\u0103\",\"item\":\"https:\/\/www.frmr.ro\/en\/\"},{\"@type\":\"ListItem\",\"position\":2,\"name\":\"Young Talents\"}]}]}<\/script>\n<!-- \/ Yoast SEO plugin. -->","yoast_head_json":{"title":"Young Talents | Funda\u021bia Regal\u0103 Margareta a Rom\u00e2niei","description":"Tinere Talente urm\u0103re\u0219te sus\u021binerea \u0219i promovarea tinerilor talenta\u021bi din medii defavorizate, prin burse, mentorate intergenera\u021bionale \u0219i evenimente.","robots":{"index":"index","follow":"follow","max-snippet":"max-snippet:-1","max-image-preview":"max-image-preview:large","max-video-preview":"max-video-preview:-1"},"canonical":"https:\/\/www.frmr.ro\/en\/young-talents\/","og_locale":"en_US","og_type":"article","og_title":"Young Talents | Funda\u021bia Regal\u0103 Margareta a Rom\u00e2niei","og_description":"Tinere Talente urm\u0103re\u0219te sus\u021binerea \u0219i promovarea tinerilor talenta\u021bi din medii defavorizate, prin burse, mentorate intergenera\u021bionale \u0219i evenimente.","og_url":"https:\/\/www.frmr.ro\/en\/young-talents\/","og_site_name":"Funda\u021bia Regal\u0103 Margareta a Rom\u00e2niei","article_publisher":"https:\/\/www.facebook.com\/www.frmr.ro\/","article_modified_time":"2020-11-11T12:29:41+00:00","twitter_card":"summary","twitter_misc":{"Est. reading time":"4 minutes"},"schema":{"@context":"https:\/\/schema.org","@graph":[{"@type":"Organization","@id":"https:\/\/www.frmr.ro\/#organization","name":"Fundatia Regala Margareta a Romaniei","url":"https:\/\/www.frmr.ro\/","sameAs":["https:\/\/www.facebook.com\/www.frmr.ro\/","https:\/\/www.linkedin.com\/company\/13060592\/admin\/","https:\/\/www.youtube.com\/channel\/UCPJ7LnrfyvzrWu9_vE79DKg?view_as=subscriber","https:\/\/ro.wikipedia.org\/wiki\/Funda\u021bia_\u201ePrincipesa_Margareta_a_Rom\u00e2niei\u201d"],"logo":{"@type":"ImageObject","@id":"https:\/\/www.frmr.ro\/#logo","inLanguage":"en-US","url":"https:\/\/www.frmr.ro\/wp-content\/uploads\/2019\/07\/logo-ok.jpg","contentUrl":"https:\/\/www.frmr.ro\/wp-content\/uploads\/2019\/07\/logo-ok.jpg","width":672,"height":209,"caption":"Fundatia Regala Margareta a Romaniei"},"image":{"@id":"https:\/\/www.frmr.ro\/#logo"}},{"@type":"WebSite","@id":"https:\/\/www.frmr.ro\/#website","url":"https:\/\/www.frmr.ro\/","name":"Funda\u021bia Regal\u0103 Margareta a Rom\u00e2niei","description":"Din dragoste pentru Rom\u00e2nia","publisher":{"@id":"https:\/\/www.frmr.ro\/#organization"},"potentialAction":[{"@type":"SearchAction","target":{"@type":"EntryPoint","urlTemplate":"https:\/\/www.frmr.ro\/?s={search_term_string}"},"query-input":"required name=search_term_string"}],"inLanguage":"en-US"},{"@type":"WebPage","@id":"https:\/\/www.frmr.ro\/en\/young-talents\/#webpage","url":"https:\/\/www.frmr.ro\/en\/young-talents\/","name":"Young Talents | Funda\u021bia Regal\u0103 Margareta a Rom\u00e2niei","isPartOf":{"@id":"https:\/\/www.frmr.ro\/#website"},"datePublished":"2016-08-04T10:42:40+00:00","dateModified":"2020-11-11T12:29:41+00:00","description":"Tinere Talente urm\u0103re\u0219te sus\u021binerea \u0219i promovarea tinerilor talenta\u021bi din medii defavorizate, prin burse, mentorate intergenera\u021bionale \u0219i evenimente.","breadcrumb":{"@id":"https:\/\/www.frmr.ro\/en\/young-talents\/#breadcrumb"},"inLanguage":"en-US","potentialAction":[{"@type":"ReadAction","target":["https:\/\/www.frmr.ro\/en\/young-talents\/"]}]},{"@type":"BreadcrumbList","@id":"https:\/\/www.frmr.ro\/en\/young-talents\/#breadcrumb","itemListElement":[{"@type":"ListItem","position":1,"name":"Acas\u0103","item":"https:\/\/www.frmr.ro\/en\/"},{"@type":"ListItem","position":2,"name":"Young Talents"}]}]}},"wps_subtitle":"","_links":{"self":[{"href":"https:\/\/www.frmr.ro\/en\/wp-json\/wp\/v2\/pages\/20921"}],"collection":[{"href":"https:\/\/www.frmr.ro\/en\/wp-json\/wp\/v2\/pages"}],"about":[{"href":"https:\/\/www.frmr.ro\/en\/wp-json\/wp\/v2\/types\/page"}],"author":[{"embeddable":true,"href":"https:\/\/www.frmr.ro\/en\/wp-json\/wp\/v2\/users\/1"}],"replies":[{"embeddable":true,"href":"https:\/\/www.frmr.ro\/en\/wp-json\/wp\/v2\/comments?post=20921"}],"version-history":[{"count":15,"href":"https:\/\/www.frmr.ro\/en\/wp-json\/wp\/v2\/pages\/20921\/revisions"}],"predecessor-version":[{"id":26522,"href":"https:\/\/www.frmr.ro\/en\/wp-json\/wp\/v2\/pages\/20921\/revisions\/26522"}],"wp:attachment":[{"href":"https:\/\/www.frmr.ro\/en\/wp-json\/wp\/v2\/media?parent=20921"}],"curies":[{"name":"wp","href":"https:\/\/api.w.org\/{rel}","templated":true}]}}