{"id":33537,"date":"2024-06-11T00:17:07","date_gmt":"2024-06-10T22:17:07","guid":{"rendered":"https:\/\/www.frmr.ro\/wp-content\/uploads\/2024\/06\/Conferinta-de-final-de-proiect.jpg"},"modified":"2024-06-11T00:19:52","modified_gmt":"2024-06-10T22:19:52","slug":"conferinta-de-final-de-proiect-2","status":"inherit","type":"attachment","link":"https:\/\/www.frmr.ro\/en\/doors\/conferinta-de-final-de-proiect-2\/","title":{"rendered":"Conferinta de final de proiect"},"author":3,"comment_status":"open","ping_status":"closed","template":"","meta":[],"yoast_head":"<!-- This site is optimized with the Yoast SEO plugin v17.5 - https:\/\/yoast.com\/wordpress\/plugins\/seo\/ -->\n<title>Conferinta de final de proiect | Funda\u021bia Regal\u0103 Margareta a Rom\u00e2niei<\/title>\n<meta name=\"robots\" content=\"index, follow, max-snippet:-1, max-image-preview:large, max-video-preview:-1\" \/>\n<link rel=\"canonical\" href=\"https:\/\/www.frmr.ro\/wp-content\/uploads\/2024\/06\/Conferinta-de-final-de-proiect-scaled.jpg\" \/>\n<meta property=\"og:locale\" content=\"en_US\" \/>\n<meta property=\"og:type\" content=\"article\" \/>\n<meta property=\"og:title\" content=\"Conferinta de final de proiect | Funda\u021bia Regal\u0103 Margareta a Rom\u00e2niei\" \/>\n<meta property=\"og:url\" content=\"https:\/\/www.frmr.ro\/wp-content\/uploads\/2024\/06\/Conferinta-de-final-de-proiect-scaled.jpg\" \/>\n<meta property=\"og:site_name\" content=\"Funda\u021bia Regal\u0103 Margareta a Rom\u00e2niei\" \/>\n<meta property=\"article:publisher\" content=\"https:\/\/www.facebook.com\/www.frmr.ro\/\" \/>\n<meta property=\"article:modified_time\" content=\"2024-06-10T22:19:52+00:00\" \/>\n<meta property=\"og:image\" content=\"https:\/\/www.frmr.ro\/wp-content\/uploads\/2024\/06\/Conferinta-de-final-de-proiect-scaled.jpg\" \/>\n\t<meta property=\"og:image:width\" content=\"2048\" \/>\n\t<meta property=\"og:image:height\" content=\"1365\" \/>\n<meta name=\"twitter:card\" content=\"summary\" \/>\n<script type=\"application\/ld+json\" class=\"yoast-schema-graph\">{\"@context\":\"https:\/\/schema.org\",\"@graph\":[{\"@type\":\"Organization\",\"@id\":\"https:\/\/www.frmr.ro\/#organization\",\"name\":\"Fundatia Regala Margareta a Romaniei\",\"url\":\"https:\/\/www.frmr.ro\/\",\"sameAs\":[\"https:\/\/www.facebook.com\/www.frmr.ro\/\",\"https:\/\/www.linkedin.com\/company\/13060592\/admin\/\",\"https:\/\/www.youtube.com\/channel\/UCPJ7LnrfyvzrWu9_vE79DKg?view_as=subscriber\",\"https:\/\/ro.wikipedia.org\/wiki\/Funda\\u021bia_\\u201ePrincipesa_Margareta_a_Rom\\u00e2niei\\u201d\"],\"logo\":{\"@type\":\"ImageObject\",\"@id\":\"https:\/\/www.frmr.ro\/#logo\",\"inLanguage\":\"en-US\",\"url\":\"https:\/\/www.frmr.ro\/wp-content\/uploads\/2019\/07\/logo-ok.jpg\",\"contentUrl\":\"https:\/\/www.frmr.ro\/wp-content\/uploads\/2019\/07\/logo-ok.jpg\",\"width\":672,\"height\":209,\"caption\":\"Fundatia Regala Margareta a Romaniei\"},\"image\":{\"@id\":\"https:\/\/www.frmr.ro\/#logo\"}},{\"@type\":\"WebSite\",\"@id\":\"https:\/\/www.frmr.ro\/#website\",\"url\":\"https:\/\/www.frmr.ro\/\",\"name\":\"Funda\\u021bia Regal\\u0103 Margareta a Rom\\u00e2niei\",\"description\":\"Din dragoste pentru Rom\\u00e2nia\",\"publisher\":{\"@id\":\"https:\/\/www.frmr.ro\/#organization\"},\"potentialAction\":[{\"@type\":\"SearchAction\",\"target\":{\"@type\":\"EntryPoint\",\"urlTemplate\":\"https:\/\/www.frmr.ro\/?s={search_term_string}\"},\"query-input\":\"required name=search_term_string\"}],\"inLanguage\":\"en-US\"},{\"@type\":\"WebPage\",\"@id\":\"https:\/\/www.frmr.ro\/wp-content\/uploads\/2024\/06\/Conferinta-de-final-de-proiect-scaled.jpg#webpage\",\"url\":\"https:\/\/www.frmr.ro\/wp-content\/uploads\/2024\/06\/Conferinta-de-final-de-proiect-scaled.jpg\",\"name\":\"Conferinta de final de proiect | Funda\\u021bia Regal\\u0103 Margareta a Rom\\u00e2niei\",\"isPartOf\":{\"@id\":\"https:\/\/www.frmr.ro\/#website\"},\"datePublished\":\"2024-06-10T22:17:07+00:00\",\"dateModified\":\"2024-06-10T22:19:52+00:00\",\"breadcrumb\":{\"@id\":\"https:\/\/www.frmr.ro\/wp-content\/uploads\/2024\/06\/Conferinta-de-final-de-proiect-scaled.jpg#breadcrumb\"},\"inLanguage\":\"en-US\",\"potentialAction\":[{\"@type\":\"ReadAction\",\"target\":[\"https:\/\/www.frmr.ro\/wp-content\/uploads\/2024\/06\/Conferinta-de-final-de-proiect-scaled.jpg\"]}]},{\"@type\":\"BreadcrumbList\",\"@id\":\"https:\/\/www.frmr.ro\/wp-content\/uploads\/2024\/06\/Conferinta-de-final-de-proiect-scaled.jpg#breadcrumb\",\"itemListElement\":[{\"@type\":\"ListItem\",\"position\":1,\"name\":\"Acas\\u0103\",\"item\":\"https:\/\/www.frmr.ro\/en\/\"},{\"@type\":\"ListItem\",\"position\":2,\"name\":\"DOORS &#8211; the project that opens doors for Romanian NGOs\",\"item\":\"https:\/\/www.frmr.ro\/en\/doors\/\"},{\"@type\":\"ListItem\",\"position\":3,\"name\":\"Conferinta de final de proiect\"}]}]}<\/script>\n<!-- \/ Yoast SEO plugin. -->","yoast_head_json":{"title":"Conferinta de final de proiect | Funda\u021bia Regal\u0103 Margareta a Rom\u00e2niei","robots":{"index":"index","follow":"follow","max-snippet":"max-snippet:-1","max-image-preview":"max-image-preview:large","max-video-preview":"max-video-preview:-1"},"canonical":"https:\/\/www.frmr.ro\/wp-content\/uploads\/2024\/06\/Conferinta-de-final-de-proiect-scaled.jpg","og_locale":"en_US","og_type":"article","og_title":"Conferinta de final de proiect | Funda\u021bia Regal\u0103 Margareta a Rom\u00e2niei","og_url":"https:\/\/www.frmr.ro\/wp-content\/uploads\/2024\/06\/Conferinta-de-final-de-proiect-scaled.jpg","og_site_name":"Funda\u021bia Regal\u0103 Margareta a Rom\u00e2niei","article_publisher":"https:\/\/www.facebook.com\/www.frmr.ro\/","article_modified_time":"2024-06-10T22:19:52+00:00","og_image":[{"width":2048,"height":1365,"url":"https:\/\/www.frmr.ro\/wp-content\/uploads\/2024\/06\/Conferinta-de-final-de-proiect-scaled.jpg","type":"image\/jpeg"}],"twitter_card":"summary","schema":{"@context":"https:\/\/schema.org","@graph":[{"@type":"Organization","@id":"https:\/\/www.frmr.ro\/#organization","name":"Fundatia Regala Margareta a Romaniei","url":"https:\/\/www.frmr.ro\/","sameAs":["https:\/\/www.facebook.com\/www.frmr.ro\/","https:\/\/www.linkedin.com\/company\/13060592\/admin\/","https:\/\/www.youtube.com\/channel\/UCPJ7LnrfyvzrWu9_vE79DKg?view_as=subscriber","https:\/\/ro.wikipedia.org\/wiki\/Funda\u021bia_\u201ePrincipesa_Margareta_a_Rom\u00e2niei\u201d"],"logo":{"@type":"ImageObject","@id":"https:\/\/www.frmr.ro\/#logo","inLanguage":"en-US","url":"https:\/\/www.frmr.ro\/wp-content\/uploads\/2019\/07\/logo-ok.jpg","contentUrl":"https:\/\/www.frmr.ro\/wp-content\/uploads\/2019\/07\/logo-ok.jpg","width":672,"height":209,"caption":"Fundatia Regala Margareta a Romaniei"},"image":{"@id":"https:\/\/www.frmr.ro\/#logo"}},{"@type":"WebSite","@id":"https:\/\/www.frmr.ro\/#website","url":"https:\/\/www.frmr.ro\/","name":"Funda\u021bia Regal\u0103 Margareta a Rom\u00e2niei","description":"Din dragoste pentru Rom\u00e2nia","publisher":{"@id":"https:\/\/www.frmr.ro\/#organization"},"potentialAction":[{"@type":"SearchAction","target":{"@type":"EntryPoint","urlTemplate":"https:\/\/www.frmr.ro\/?s={search_term_string}"},"query-input":"required name=search_term_string"}],"inLanguage":"en-US"},{"@type":"WebPage","@id":"https:\/\/www.frmr.ro\/wp-content\/uploads\/2024\/06\/Conferinta-de-final-de-proiect-scaled.jpg#webpage","url":"https:\/\/www.frmr.ro\/wp-content\/uploads\/2024\/06\/Conferinta-de-final-de-proiect-scaled.jpg","name":"Conferinta de final de proiect | Funda\u021bia Regal\u0103 Margareta a Rom\u00e2niei","isPartOf":{"@id":"https:\/\/www.frmr.ro\/#website"},"datePublished":"2024-06-10T22:17:07+00:00","dateModified":"2024-06-10T22:19:52+00:00","breadcrumb":{"@id":"https:\/\/www.frmr.ro\/wp-content\/uploads\/2024\/06\/Conferinta-de-final-de-proiect-scaled.jpg#breadcrumb"},"inLanguage":"en-US","potentialAction":[{"@type":"ReadAction","target":["https:\/\/www.frmr.ro\/wp-content\/uploads\/2024\/06\/Conferinta-de-final-de-proiect-scaled.jpg"]}]},{"@type":"BreadcrumbList","@id":"https:\/\/www.frmr.ro\/wp-content\/uploads\/2024\/06\/Conferinta-de-final-de-proiect-scaled.jpg#breadcrumb","itemListElement":[{"@type":"ListItem","position":1,"name":"Acas\u0103","item":"https:\/\/www.frmr.ro\/en\/"},{"@type":"ListItem","position":2,"name":"DOORS &#8211; the project that opens doors for Romanian NGOs","item":"https:\/\/www.frmr.ro\/en\/doors\/"},{"@type":"ListItem","position":3,"name":"Conferinta de final de proiect"}]}]}},"smush":"Not processed","description":{"rendered":"<p class=\"attachment\"><a href='https:\/\/www.frmr.ro\/wp-content\/uploads\/2024\/06\/Conferinta-de-final-de-proiect-scaled.jpg'><img width=\"300\" height=\"200\" src=\"https:\/\/www.frmr.ro\/wp-content\/uploads\/2024\/06\/Conferinta-de-final-de-proiect-300x200.jpg\" class=\"attachment-medium size-medium\" alt=\"\" loading=\"lazy\" srcset=\"https:\/\/www.frmr.ro\/wp-content\/uploads\/2024\/06\/Conferinta-de-final-de-proiect-300x200.jpg 300w, https:\/\/www.frmr.ro\/wp-content\/uploads\/2024\/06\/Conferinta-de-final-de-proiect-1024x683.jpg 1024w, https:\/\/www.frmr.ro\/wp-content\/uploads\/2024\/06\/Conferinta-de-final-de-proiect-768x512.jpg 768w, https:\/\/www.frmr.ro\/wp-content\/uploads\/2024\/06\/Conferinta-de-final-de-proiect-1536x1024.jpg 1536w, https:\/\/www.frmr.ro\/wp-content\/uploads\/2024\/06\/Conferinta-de-final-de-proiect-scaled.jpg 2048w, https:\/\/www.frmr.ro\/wp-content\/uploads\/2024\/06\/Conferinta-de-final-de-proiect-700x467.jpg 700w\" sizes=\"(max-width: 300px) 100vw, 300px\" \/><\/a><\/p>\n"},"caption":{"rendered":""},"alt_text":"","media_type":"image","mime_type":"image\/jpeg","media_details":{"width":2048,"height":1365,"file":"2024\/06\/Conferinta-de-final-de-proiect-scaled.jpg","sizes":{"medium":{"file":"Conferinta-de-final-de-proiect-300x200.jpg","width":300,"height":200,"mime_type":"image\/jpeg","source_url":"https:\/\/www.frmr.ro\/wp-content\/uploads\/2024\/06\/Conferinta-de-final-de-proiect-300x200.jpg"},"large":{"file":"Conferinta-de-final-de-proiect-1024x683.jpg","width":1024,"height":683,"mime_type":"image\/jpeg","source_url":"https:\/\/www.frmr.ro\/wp-content\/uploads\/2024\/06\/Conferinta-de-final-de-proiect-1024x683.jpg"},"thumbnail":{"file":"Conferinta-de-final-de-proiect-150x150.jpg","width":150,"height":150,"mime_type":"image\/jpeg","source_url":"https:\/\/www.frmr.ro\/wp-content\/uploads\/2024\/06\/Conferinta-de-final-de-proiect-150x150.jpg"},"medium_large":{"file":"Conferinta-de-final-de-proiect-768x512.jpg","width":768,"height":512,"mime_type":"image\/jpeg","source_url":"https:\/\/www.frmr.ro\/wp-content\/uploads\/2024\/06\/Conferinta-de-final-de-proiect-768x512.jpg"},"1536x1536":{"file":"Conferinta-de-final-de-proiect-1536x1024.jpg","width":1536,"height":1024,"mime_type":"image\/jpeg","source_url":"https:\/\/www.frmr.ro\/wp-content\/uploads\/2024\/06\/Conferinta-de-final-de-proiect-1536x1024.jpg"},"2048x2048":{"file":"Conferinta-de-final-de-proiect-2048x1365.jpg","width":2048,"height":1365,"mime_type":"image\/jpeg","source_url":"https:\/\/www.frmr.ro\/wp-content\/uploads\/2024\/06\/Conferinta-de-final-de-proiect-2048x1365.jpg"},"portfolio-square":{"file":"Conferinta-de-final-de-proiect-570x570.jpg","width":570,"height":570,"mime_type":"image\/jpeg","source_url":"https:\/\/www.frmr.ro\/wp-content\/uploads\/2024\/06\/Conferinta-de-final-de-proiect-570x570.jpg"},"portfolio-portrait":{"file":"Conferinta-de-final-de-proiect-600x800.jpg","width":600,"height":800,"mime_type":"image\/jpeg","source_url":"https:\/\/www.frmr.ro\/wp-content\/uploads\/2024\/06\/Conferinta-de-final-de-proiect-600x800.jpg"},"portfolio-landscape":{"file":"Conferinta-de-final-de-proiect-800x600.jpg","width":800,"height":600,"mime_type":"image\/jpeg","source_url":"https:\/\/www.frmr.ro\/wp-content\/uploads\/2024\/06\/Conferinta-de-final-de-proiect-800x600.jpg"},"menu-featured-post":{"file":"Conferinta-de-final-de-proiect-345x198.jpg","width":345,"height":198,"mime_type":"image\/jpeg","source_url":"https:\/\/www.frmr.ro\/wp-content\/uploads\/2024\/06\/Conferinta-de-final-de-proiect-345x198.jpg"},"qode-carousel_slider":{"file":"Conferinta-de-final-de-proiect-400x260.jpg","width":400,"height":260,"mime_type":"image\/jpeg","source_url":"https:\/\/www.frmr.ro\/wp-content\/uploads\/2024\/06\/Conferinta-de-final-de-proiect-400x260.jpg"},"portfolio_slider":{"file":"Conferinta-de-final-de-proiect-500x380.jpg","width":500,"height":380,"mime_type":"image\/jpeg","source_url":"https:\/\/www.frmr.ro\/wp-content\/uploads\/2024\/06\/Conferinta-de-final-de-proiect-500x380.jpg"},"portfolio_masonry_regular":{"file":"Conferinta-de-final-de-proiect-500x500.jpg","width":500,"height":500,"mime_type":"image\/jpeg","source_url":"https:\/\/www.frmr.ro\/wp-content\/uploads\/2024\/06\/Conferinta-de-final-de-proiect-500x500.jpg"},"portfolio_masonry_wide":{"file":"Conferinta-de-final-de-proiect-1000x500.jpg","width":1000,"height":500,"mime_type":"image\/jpeg","source_url":"https:\/\/www.frmr.ro\/wp-content\/uploads\/2024\/06\/Conferinta-de-final-de-proiect-1000x500.jpg"},"portfolio_masonry_tall":{"file":"Conferinta-de-final-de-proiect-500x1000.jpg","width":500,"height":1000,"mime_type":"image\/jpeg","source_url":"https:\/\/www.frmr.ro\/wp-content\/uploads\/2024\/06\/Conferinta-de-final-de-proiect-500x1000.jpg"},"portfolio_masonry_large":{"file":"Conferinta-de-final-de-proiect-1000x1000.jpg","width":1000,"height":1000,"mime_type":"image\/jpeg","source_url":"https:\/\/www.frmr.ro\/wp-content\/uploads\/2024\/06\/Conferinta-de-final-de-proiect-1000x1000.jpg"},"portfolio_masonry_with_space":{"file":"Conferinta-de-final-de-proiect-700x467.jpg","width":700,"height":467,"mime_type":"image\/jpeg","source_url":"https:\/\/www.frmr.ro\/wp-content\/uploads\/2024\/06\/Conferinta-de-final-de-proiect-700x467.jpg"},"latest_post_boxes":{"file":"Conferinta-de-final-de-proiect-539x303.jpg","width":539,"height":303,"mime_type":"image\/jpeg","source_url":"https:\/\/www.frmr.ro\/wp-content\/uploads\/2024\/06\/Conferinta-de-final-de-proiect-539x303.jpg"},"full":{"file":"Conferinta-de-final-de-proiect-scaled.jpg","width":2048,"height":1365,"mime_type":"image\/jpeg","source_url":"https:\/\/www.frmr.ro\/wp-content\/uploads\/2024\/06\/Conferinta-de-final-de-proiect-scaled.jpg"}},"image_meta":{"aperture":"4","credit":"","camera":"Canon EOS 650D","caption":"","created_timestamp":"1713539672","copyright":"","focal_length":"24","iso":"400","shutter_speed":"0.016666666666667","title":"","orientation":"1","keywords":[]},"original_image":"Conferinta-de-final-de-proiect.jpg"},"post":33002,"source_url":"https:\/\/www.frmr.ro\/wp-content\/uploads\/2024\/06\/Conferinta-de-final-de-proiect-scaled.jpg","_links":{"self":[{"href":"https:\/\/www.frmr.ro\/en\/wp-json\/wp\/v2\/media\/33537"}],"collection":[{"href":"https:\/\/www.frmr.ro\/en\/wp-json\/wp\/v2\/media"}],"about":[{"href":"https:\/\/www.frmr.ro\/en\/wp-json\/wp\/v2\/types\/attachment"}],"author":[{"embeddable":true,"href":"https:\/\/www.frmr.ro\/en\/wp-json\/wp\/v2\/users\/3"}],"replies":[{"embeddable":true,"href":"https:\/\/www.frmr.ro\/en\/wp-json\/wp\/v2\/comments?post=33537"}]}}