{"id":33148,"date":"2024-01-15T17:24:25","date_gmt":"2024-01-15T15:24:25","guid":{"rendered":"https:\/\/www.frmr.ro\/wp-content\/uploads\/2024\/01\/Seniori-apelanti-unici-ftie-de-Mediu_Tel-Varstnicului-2023-1.png"},"modified":"2024-01-15T17:24:25","modified_gmt":"2024-01-15T15:24:25","slug":"seniori-apelanti-unici-ftie-de-mediu_tel-varstnicului-2023-2","status":"inherit","type":"attachment","link":"https:\/\/www.frmr.ro\/en\/telefonul-varstnicului-48-dintre-varstnici-nu-au-acces-la-informatii-esentiale-vietii-de-zi-cu-zi-iar-53-traiesc-singuri\/seniori-apelanti-unici-ftie-de-mediu_tel-varstnicului-2023-2\/","title":{"rendered":"Seniori apelanti unici ftie de Mediu_Tel Varstnicului 2023"},"author":3,"comment_status":"open","ping_status":"closed","template":"","meta":[],"yoast_head":"<!-- This site is optimized with the Yoast SEO plugin v17.5 - https:\/\/yoast.com\/wordpress\/plugins\/seo\/ -->\n<title>Seniori apelanti unici ftie de Mediu_Tel Varstnicului 2023 | Funda\u021bia Regal\u0103 Margareta a Rom\u00e2niei<\/title>\n<meta name=\"robots\" content=\"index, follow, max-snippet:-1, max-image-preview:large, max-video-preview:-1\" \/>\n<link rel=\"canonical\" href=\"https:\/\/www.frmr.ro\/wp-content\/uploads\/2024\/01\/Seniori-apelanti-unici-ftie-de-Mediu_Tel-Varstnicului-2023-1.png\" \/>\n<meta property=\"og:locale\" content=\"en_US\" \/>\n<meta property=\"og:type\" content=\"article\" \/>\n<meta property=\"og:title\" content=\"Seniori apelanti unici ftie de Mediu_Tel Varstnicului 2023 | Funda\u021bia Regal\u0103 Margareta a Rom\u00e2niei\" \/>\n<meta property=\"og:url\" content=\"https:\/\/www.frmr.ro\/wp-content\/uploads\/2024\/01\/Seniori-apelanti-unici-ftie-de-Mediu_Tel-Varstnicului-2023-1.png\" \/>\n<meta property=\"og:site_name\" content=\"Funda\u021bia Regal\u0103 Margareta a Rom\u00e2niei\" \/>\n<meta property=\"article:publisher\" content=\"https:\/\/www.facebook.com\/www.frmr.ro\/\" \/>\n<meta property=\"og:image\" content=\"https:\/\/www.frmr.ro\/wp-content\/uploads\/2024\/01\/Seniori-apelanti-unici-ftie-de-Mediu_Tel-Varstnicului-2023-1.png\" \/>\n\t<meta property=\"og:image:width\" content=\"1024\" \/>\n\t<meta property=\"og:image:height\" content=\"768\" \/>\n<meta name=\"twitter:card\" content=\"summary\" \/>\n<script type=\"application\/ld+json\" class=\"yoast-schema-graph\">{\"@context\":\"https:\/\/schema.org\",\"@graph\":[{\"@type\":\"Organization\",\"@id\":\"https:\/\/www.frmr.ro\/#organization\",\"name\":\"Fundatia Regala Margareta a Romaniei\",\"url\":\"https:\/\/www.frmr.ro\/\",\"sameAs\":[\"https:\/\/www.facebook.com\/www.frmr.ro\/\",\"https:\/\/www.linkedin.com\/company\/13060592\/admin\/\",\"https:\/\/www.youtube.com\/channel\/UCPJ7LnrfyvzrWu9_vE79DKg?view_as=subscriber\",\"https:\/\/ro.wikipedia.org\/wiki\/Funda\\u021bia_\\u201ePrincipesa_Margareta_a_Rom\\u00e2niei\\u201d\"],\"logo\":{\"@type\":\"ImageObject\",\"@id\":\"https:\/\/www.frmr.ro\/#logo\",\"inLanguage\":\"en-US\",\"url\":\"https:\/\/www.frmr.ro\/wp-content\/uploads\/2019\/07\/logo-ok.jpg\",\"contentUrl\":\"https:\/\/www.frmr.ro\/wp-content\/uploads\/2019\/07\/logo-ok.jpg\",\"width\":672,\"height\":209,\"caption\":\"Fundatia Regala Margareta a Romaniei\"},\"image\":{\"@id\":\"https:\/\/www.frmr.ro\/#logo\"}},{\"@type\":\"WebSite\",\"@id\":\"https:\/\/www.frmr.ro\/#website\",\"url\":\"https:\/\/www.frmr.ro\/\",\"name\":\"Funda\\u021bia Regal\\u0103 Margareta a Rom\\u00e2niei\",\"description\":\"Din dragoste pentru Rom\\u00e2nia\",\"publisher\":{\"@id\":\"https:\/\/www.frmr.ro\/#organization\"},\"potentialAction\":[{\"@type\":\"SearchAction\",\"target\":{\"@type\":\"EntryPoint\",\"urlTemplate\":\"https:\/\/www.frmr.ro\/?s={search_term_string}\"},\"query-input\":\"required name=search_term_string\"}],\"inLanguage\":\"en-US\"},{\"@type\":\"WebPage\",\"@id\":\"https:\/\/www.frmr.ro\/wp-content\/uploads\/2024\/01\/Seniori-apelanti-unici-ftie-de-Mediu_Tel-Varstnicului-2023-1.png#webpage\",\"url\":\"https:\/\/www.frmr.ro\/wp-content\/uploads\/2024\/01\/Seniori-apelanti-unici-ftie-de-Mediu_Tel-Varstnicului-2023-1.png\",\"name\":\"Seniori apelanti unici ftie de Mediu_Tel Varstnicului 2023 | Funda\\u021bia Regal\\u0103 Margareta a Rom\\u00e2niei\",\"isPartOf\":{\"@id\":\"https:\/\/www.frmr.ro\/#website\"},\"datePublished\":\"2024-01-15T15:24:25+00:00\",\"dateModified\":\"2024-01-15T15:24:25+00:00\",\"breadcrumb\":{\"@id\":\"https:\/\/www.frmr.ro\/wp-content\/uploads\/2024\/01\/Seniori-apelanti-unici-ftie-de-Mediu_Tel-Varstnicului-2023-1.png#breadcrumb\"},\"inLanguage\":\"en-US\",\"potentialAction\":[{\"@type\":\"ReadAction\",\"target\":[\"https:\/\/www.frmr.ro\/wp-content\/uploads\/2024\/01\/Seniori-apelanti-unici-ftie-de-Mediu_Tel-Varstnicului-2023-1.png\"]}]},{\"@type\":\"BreadcrumbList\",\"@id\":\"https:\/\/www.frmr.ro\/wp-content\/uploads\/2024\/01\/Seniori-apelanti-unici-ftie-de-Mediu_Tel-Varstnicului-2023-1.png#breadcrumb\",\"itemListElement\":[{\"@type\":\"ListItem\",\"position\":1,\"name\":\"Acas\\u0103\",\"item\":\"https:\/\/www.frmr.ro\/en\/\"},{\"@type\":\"ListItem\",\"position\":2,\"name\":\"Telefonul V\\u00e2rstnicului: 48% dintre v\\u00e2rstnici nu au acces la informa\\u021bii esen\\u021biale vie\\u021bii de zi cu zi, iar 53% tr\\u0103iesc singuri\",\"item\":\"https:\/\/www.frmr.ro\/en\/telefonul-varstnicului-48-dintre-varstnici-nu-au-acces-la-informatii-esentiale-vietii-de-zi-cu-zi-iar-53-traiesc-singuri\/\"},{\"@type\":\"ListItem\",\"position\":3,\"name\":\"Seniori apelanti unici ftie de Mediu_Tel Varstnicului 2023\"}]}]}<\/script>\n<!-- \/ Yoast SEO plugin. -->","yoast_head_json":{"title":"Seniori apelanti unici ftie de Mediu_Tel Varstnicului 2023 | Funda\u021bia Regal\u0103 Margareta a Rom\u00e2niei","robots":{"index":"index","follow":"follow","max-snippet":"max-snippet:-1","max-image-preview":"max-image-preview:large","max-video-preview":"max-video-preview:-1"},"canonical":"https:\/\/www.frmr.ro\/wp-content\/uploads\/2024\/01\/Seniori-apelanti-unici-ftie-de-Mediu_Tel-Varstnicului-2023-1.png","og_locale":"en_US","og_type":"article","og_title":"Seniori apelanti unici ftie de Mediu_Tel Varstnicului 2023 | Funda\u021bia Regal\u0103 Margareta a Rom\u00e2niei","og_url":"https:\/\/www.frmr.ro\/wp-content\/uploads\/2024\/01\/Seniori-apelanti-unici-ftie-de-Mediu_Tel-Varstnicului-2023-1.png","og_site_name":"Funda\u021bia Regal\u0103 Margareta a Rom\u00e2niei","article_publisher":"https:\/\/www.facebook.com\/www.frmr.ro\/","og_image":[{"width":1024,"height":768,"url":"https:\/\/www.frmr.ro\/wp-content\/uploads\/2024\/01\/Seniori-apelanti-unici-ftie-de-Mediu_Tel-Varstnicului-2023-1.png","type":"image\/png"}],"twitter_card":"summary","schema":{"@context":"https:\/\/schema.org","@graph":[{"@type":"Organization","@id":"https:\/\/www.frmr.ro\/#organization","name":"Fundatia Regala Margareta a Romaniei","url":"https:\/\/www.frmr.ro\/","sameAs":["https:\/\/www.facebook.com\/www.frmr.ro\/","https:\/\/www.linkedin.com\/company\/13060592\/admin\/","https:\/\/www.youtube.com\/channel\/UCPJ7LnrfyvzrWu9_vE79DKg?view_as=subscriber","https:\/\/ro.wikipedia.org\/wiki\/Funda\u021bia_\u201ePrincipesa_Margareta_a_Rom\u00e2niei\u201d"],"logo":{"@type":"ImageObject","@id":"https:\/\/www.frmr.ro\/#logo","inLanguage":"en-US","url":"https:\/\/www.frmr.ro\/wp-content\/uploads\/2019\/07\/logo-ok.jpg","contentUrl":"https:\/\/www.frmr.ro\/wp-content\/uploads\/2019\/07\/logo-ok.jpg","width":672,"height":209,"caption":"Fundatia Regala Margareta a Romaniei"},"image":{"@id":"https:\/\/www.frmr.ro\/#logo"}},{"@type":"WebSite","@id":"https:\/\/www.frmr.ro\/#website","url":"https:\/\/www.frmr.ro\/","name":"Funda\u021bia Regal\u0103 Margareta a Rom\u00e2niei","description":"Din dragoste pentru Rom\u00e2nia","publisher":{"@id":"https:\/\/www.frmr.ro\/#organization"},"potentialAction":[{"@type":"SearchAction","target":{"@type":"EntryPoint","urlTemplate":"https:\/\/www.frmr.ro\/?s={search_term_string}"},"query-input":"required name=search_term_string"}],"inLanguage":"en-US"},{"@type":"WebPage","@id":"https:\/\/www.frmr.ro\/wp-content\/uploads\/2024\/01\/Seniori-apelanti-unici-ftie-de-Mediu_Tel-Varstnicului-2023-1.png#webpage","url":"https:\/\/www.frmr.ro\/wp-content\/uploads\/2024\/01\/Seniori-apelanti-unici-ftie-de-Mediu_Tel-Varstnicului-2023-1.png","name":"Seniori apelanti unici ftie de Mediu_Tel Varstnicului 2023 | Funda\u021bia Regal\u0103 Margareta a Rom\u00e2niei","isPartOf":{"@id":"https:\/\/www.frmr.ro\/#website"},"datePublished":"2024-01-15T15:24:25+00:00","dateModified":"2024-01-15T15:24:25+00:00","breadcrumb":{"@id":"https:\/\/www.frmr.ro\/wp-content\/uploads\/2024\/01\/Seniori-apelanti-unici-ftie-de-Mediu_Tel-Varstnicului-2023-1.png#breadcrumb"},"inLanguage":"en-US","potentialAction":[{"@type":"ReadAction","target":["https:\/\/www.frmr.ro\/wp-content\/uploads\/2024\/01\/Seniori-apelanti-unici-ftie-de-Mediu_Tel-Varstnicului-2023-1.png"]}]},{"@type":"BreadcrumbList","@id":"https:\/\/www.frmr.ro\/wp-content\/uploads\/2024\/01\/Seniori-apelanti-unici-ftie-de-Mediu_Tel-Varstnicului-2023-1.png#breadcrumb","itemListElement":[{"@type":"ListItem","position":1,"name":"Acas\u0103","item":"https:\/\/www.frmr.ro\/en\/"},{"@type":"ListItem","position":2,"name":"Telefonul V\u00e2rstnicului: 48% dintre v\u00e2rstnici nu au acces la informa\u021bii esen\u021biale vie\u021bii de zi cu zi, iar 53% tr\u0103iesc singuri","item":"https:\/\/www.frmr.ro\/en\/telefonul-varstnicului-48-dintre-varstnici-nu-au-acces-la-informatii-esentiale-vietii-de-zi-cu-zi-iar-53-traiesc-singuri\/"},{"@type":"ListItem","position":3,"name":"Seniori apelanti unici ftie de Mediu_Tel Varstnicului 2023"}]}]}},"smush":{"stats":{"percent":11.139544839964,"bytes":92110,"size_before":826874,"size_after":734764,"time":3,"api_version":"1.0","lossy":0,"keep_exif":true},"sizes":{"medium":{"percent":8.16,"bytes":1817,"size_before":22271,"size_after":20454,"time":0.12},"thumbnail":{"percent":13.51,"bytes":1295,"size_before":9589,"size_after":8294,"time":0.02},"medium_large":{"percent":8.41,"bytes":7229,"size_before":86004,"size_after":78775,"time":0.15},"portfolio-square":{"percent":14.24,"bytes":8925,"size_before":62693,"size_after":53768,"time":0.11},"portfolio-portrait":{"percent":22.43,"bytes":12335,"size_before":54983,"size_after":42648,"time":0.21},"portfolio-landscape":{"percent":7.92,"bytes":7286,"size_before":92021,"size_after":84735,"time":0.32},"menu-featured-post":{"percent":6.79,"bytes":1379,"size_before":20298,"size_after":18919,"time":0.05},"qode-carousel_slider":{"percent":9.71,"bytes":3134,"size_before":32287,"size_after":29153,"time":0.05},"portfolio_slider":{"percent":9.82,"bytes":4651,"size_before":47360,"size_after":42709,"time":0.09},"portfolio_masonry_regular":{"percent":14.05,"bytes":7446,"size_before":53003,"size_after":45557,"time":0.08},"portfolio_masonry_wide":{"percent":8.98,"bytes":6886,"size_before":76718,"size_after":69832,"time":0.7},"portfolio_masonry_tall":{"percent":20.9,"bytes":9298,"size_before":44494,"size_after":35196,"time":0.23},"portfolio_masonry_large":{"percent":8.72,"bytes":9693,"size_before":111186,"size_after":101493,"time":0.24},"portfolio_masonry_with_space":{"percent":9.26,"bytes":7050,"size_before":76130,"size_after":69080,"time":0.43},"latest_post_boxes":{"percent":9.74,"bytes":3686,"size_before":37837,"size_after":34151,"time":0.2}}},"description":{"rendered":"<p class=\"attachment\"><a href='https:\/\/www.frmr.ro\/wp-content\/uploads\/2024\/01\/Seniori-apelanti-unici-ftie-de-Mediu_Tel-Varstnicului-2023-1.png'><img width=\"300\" height=\"225\" src=\"https:\/\/www.frmr.ro\/wp-content\/uploads\/2024\/01\/Seniori-apelanti-unici-ftie-de-Mediu_Tel-Varstnicului-2023-1-300x225.png\" class=\"attachment-medium size-medium\" alt=\"\" loading=\"lazy\" srcset=\"https:\/\/www.frmr.ro\/wp-content\/uploads\/2024\/01\/Seniori-apelanti-unici-ftie-de-Mediu_Tel-Varstnicului-2023-1-300x225.png 300w, https:\/\/www.frmr.ro\/wp-content\/uploads\/2024\/01\/Seniori-apelanti-unici-ftie-de-Mediu_Tel-Varstnicului-2023-1-768x576.png 768w, https:\/\/www.frmr.ro\/wp-content\/uploads\/2024\/01\/Seniori-apelanti-unici-ftie-de-Mediu_Tel-Varstnicului-2023-1-800x600.png 800w, https:\/\/www.frmr.ro\/wp-content\/uploads\/2024\/01\/Seniori-apelanti-unici-ftie-de-Mediu_Tel-Varstnicului-2023-1-700x525.png 700w, https:\/\/www.frmr.ro\/wp-content\/uploads\/2024\/01\/Seniori-apelanti-unici-ftie-de-Mediu_Tel-Varstnicului-2023-1.png 1024w\" sizes=\"(max-width: 300px) 100vw, 300px\" \/><\/a><\/p>\n"},"caption":{"rendered":""},"alt_text":"","media_type":"image","mime_type":"image\/png","media_details":{"width":1024,"height":768,"file":"2024\/01\/Seniori-apelanti-unici-ftie-de-Mediu_Tel-Varstnicului-2023-1.png","sizes":{"medium":{"file":"Seniori-apelanti-unici-ftie-de-Mediu_Tel-Varstnicului-2023-1-300x225.png","width":300,"height":225,"mime_type":"image\/png","source_url":"https:\/\/www.frmr.ro\/wp-content\/uploads\/2024\/01\/Seniori-apelanti-unici-ftie-de-Mediu_Tel-Varstnicului-2023-1-300x225.png"},"thumbnail":{"file":"Seniori-apelanti-unici-ftie-de-Mediu_Tel-Varstnicului-2023-1-150x150.png","width":150,"height":150,"mime_type":"image\/png","source_url":"https:\/\/www.frmr.ro\/wp-content\/uploads\/2024\/01\/Seniori-apelanti-unici-ftie-de-Mediu_Tel-Varstnicului-2023-1-150x150.png"},"medium_large":{"file":"Seniori-apelanti-unici-ftie-de-Mediu_Tel-Varstnicului-2023-1-768x576.png","width":768,"height":576,"mime_type":"image\/png","source_url":"https:\/\/www.frmr.ro\/wp-content\/uploads\/2024\/01\/Seniori-apelanti-unici-ftie-de-Mediu_Tel-Varstnicului-2023-1-768x576.png"},"portfolio-square":{"file":"Seniori-apelanti-unici-ftie-de-Mediu_Tel-Varstnicului-2023-1-570x570.png","width":570,"height":570,"mime_type":"image\/png","source_url":"https:\/\/www.frmr.ro\/wp-content\/uploads\/2024\/01\/Seniori-apelanti-unici-ftie-de-Mediu_Tel-Varstnicului-2023-1-570x570.png"},"portfolio-portrait":{"file":"Seniori-apelanti-unici-ftie-de-Mediu_Tel-Varstnicului-2023-1-600x768.png","width":600,"height":768,"mime_type":"image\/png","source_url":"https:\/\/www.frmr.ro\/wp-content\/uploads\/2024\/01\/Seniori-apelanti-unici-ftie-de-Mediu_Tel-Varstnicului-2023-1-600x768.png"},"portfolio-landscape":{"file":"Seniori-apelanti-unici-ftie-de-Mediu_Tel-Varstnicului-2023-1-800x600.png","width":800,"height":600,"mime_type":"image\/png","source_url":"https:\/\/www.frmr.ro\/wp-content\/uploads\/2024\/01\/Seniori-apelanti-unici-ftie-de-Mediu_Tel-Varstnicului-2023-1-800x600.png"},"menu-featured-post":{"file":"Seniori-apelanti-unici-ftie-de-Mediu_Tel-Varstnicului-2023-1-345x198.png","width":345,"height":198,"mime_type":"image\/png","source_url":"https:\/\/www.frmr.ro\/wp-content\/uploads\/2024\/01\/Seniori-apelanti-unici-ftie-de-Mediu_Tel-Varstnicului-2023-1-345x198.png"},"qode-carousel_slider":{"file":"Seniori-apelanti-unici-ftie-de-Mediu_Tel-Varstnicului-2023-1-400x260.png","width":400,"height":260,"mime_type":"image\/png","source_url":"https:\/\/www.frmr.ro\/wp-content\/uploads\/2024\/01\/Seniori-apelanti-unici-ftie-de-Mediu_Tel-Varstnicului-2023-1-400x260.png"},"portfolio_slider":{"file":"Seniori-apelanti-unici-ftie-de-Mediu_Tel-Varstnicului-2023-1-500x380.png","width":500,"height":380,"mime_type":"image\/png","source_url":"https:\/\/www.frmr.ro\/wp-content\/uploads\/2024\/01\/Seniori-apelanti-unici-ftie-de-Mediu_Tel-Varstnicului-2023-1-500x380.png"},"portfolio_masonry_regular":{"file":"Seniori-apelanti-unici-ftie-de-Mediu_Tel-Varstnicului-2023-1-500x500.png","width":500,"height":500,"mime_type":"image\/png","source_url":"https:\/\/www.frmr.ro\/wp-content\/uploads\/2024\/01\/Seniori-apelanti-unici-ftie-de-Mediu_Tel-Varstnicului-2023-1-500x500.png"},"portfolio_masonry_wide":{"file":"Seniori-apelanti-unici-ftie-de-Mediu_Tel-Varstnicului-2023-1-1000x500.png","width":1000,"height":500,"mime_type":"image\/png","source_url":"https:\/\/www.frmr.ro\/wp-content\/uploads\/2024\/01\/Seniori-apelanti-unici-ftie-de-Mediu_Tel-Varstnicului-2023-1-1000x500.png"},"portfolio_masonry_tall":{"file":"Seniori-apelanti-unici-ftie-de-Mediu_Tel-Varstnicului-2023-1-500x768.png","width":500,"height":768,"mime_type":"image\/png","source_url":"https:\/\/www.frmr.ro\/wp-content\/uploads\/2024\/01\/Seniori-apelanti-unici-ftie-de-Mediu_Tel-Varstnicului-2023-1-500x768.png"},"portfolio_masonry_large":{"file":"Seniori-apelanti-unici-ftie-de-Mediu_Tel-Varstnicului-2023-1-1000x768.png","width":1000,"height":768,"mime_type":"image\/png","source_url":"https:\/\/www.frmr.ro\/wp-content\/uploads\/2024\/01\/Seniori-apelanti-unici-ftie-de-Mediu_Tel-Varstnicului-2023-1-1000x768.png"},"portfolio_masonry_with_space":{"file":"Seniori-apelanti-unici-ftie-de-Mediu_Tel-Varstnicului-2023-1-700x525.png","width":700,"height":525,"mime_type":"image\/png","source_url":"https:\/\/www.frmr.ro\/wp-content\/uploads\/2024\/01\/Seniori-apelanti-unici-ftie-de-Mediu_Tel-Varstnicului-2023-1-700x525.png"},"latest_post_boxes":{"file":"Seniori-apelanti-unici-ftie-de-Mediu_Tel-Varstnicului-2023-1-539x303.png","width":539,"height":303,"mime_type":"image\/png","source_url":"https:\/\/www.frmr.ro\/wp-content\/uploads\/2024\/01\/Seniori-apelanti-unici-ftie-de-Mediu_Tel-Varstnicului-2023-1-539x303.png"},"full":{"file":"Seniori-apelanti-unici-ftie-de-Mediu_Tel-Varstnicului-2023-1.png","width":1024,"height":768,"mime_type":"image\/png","source_url":"https:\/\/www.frmr.ro\/wp-content\/uploads\/2024\/01\/Seniori-apelanti-unici-ftie-de-Mediu_Tel-Varstnicului-2023-1.png"}},"image_meta":{"aperture":"0","credit":"","camera":"","caption":"","created_timestamp":"0","copyright":"","focal_length":"0","iso":"0","shutter_speed":"0","title":"","orientation":"0","keywords":[]}},"post":33129,"source_url":"https:\/\/www.frmr.ro\/wp-content\/uploads\/2024\/01\/Seniori-apelanti-unici-ftie-de-Mediu_Tel-Varstnicului-2023-1.png","_links":{"self":[{"href":"https:\/\/www.frmr.ro\/en\/wp-json\/wp\/v2\/media\/33148"}],"collection":[{"href":"https:\/\/www.frmr.ro\/en\/wp-json\/wp\/v2\/media"}],"about":[{"href":"https:\/\/www.frmr.ro\/en\/wp-json\/wp\/v2\/types\/attachment"}],"author":[{"embeddable":true,"href":"https:\/\/www.frmr.ro\/en\/wp-json\/wp\/v2\/users\/3"}],"replies":[{"embeddable":true,"href":"https:\/\/www.frmr.ro\/en\/wp-json\/wp\/v2\/comments?post=33148"}]}}